{"id":11910,"date":"2026-02-25T13:01:12","date_gmt":"2026-02-25T12:01:12","guid":{"rendered":"https:\/\/trailbarcelona.com\/?page_id=11910"},"modified":"2026-04-01T09:23:27","modified_gmt":"2026-04-01T07:23:27","slug":"justurbantrail-mitjans-comunicacio","status":"publish","type":"page","link":"https:\/\/trailbarcelona.com\/ca\/justurbantrail-mitjans-comunicacio","title":{"rendered":"JUSTURBANTRAIL &#8211; Mitjans Comunicacio"},"content":{"rendered":"\t\t<div data-elementor-type=\"wp-post\" data-elementor-id=\"11910\" class=\"elementor elementor-11910\" data-elementor-post-type=\"page\">\n\t\t\t\t\t\t<section class=\"elementor-section elementor-top-section elementor-element elementor-element-028e434 elementor-section-boxed elementor-section-height-default elementor-section-height-default\" data-id=\"028e434\" data-element_type=\"section\" data-e-type=\"section\">\n\t\t\t\t\t\t<div class=\"elementor-container elementor-column-gap-default\">\n\t\t\t\t\t<div class=\"elementor-column elementor-col-100 elementor-top-column elementor-element elementor-element-7a7195e\" data-id=\"7a7195e\" data-element_type=\"column\" data-e-type=\"column\">\n\t\t\t<div class=\"elementor-widget-wrap elementor-element-populated\">\n\t\t\t\t\t\t<div class=\"elementor-element elementor-element-53c3ed2 elementor-widget elementor-widget-image\" data-id=\"53c3ed2\" data-element_type=\"widget\" data-e-type=\"widget\" data-widget_type=\"image.default\">\n\t\t\t\t<div class=\"elementor-widget-container\">\n\t\t\t\t\t\t\t\t\t\t\t\t\t\t\t<img fetchpriority=\"high\" decoding=\"async\" width=\"1800\" height=\"829\" src=\"https:\/\/trailbarcelona.com\/wp-content\/uploads\/2026\/03\/Banner_UrbanTrail_WEB.jpg\" class=\"attachment-full size-full wp-image-11934\" alt=\"JUSTURBANTRAIL\" srcset=\"https:\/\/trailbarcelona.com\/wp-content\/uploads\/2026\/03\/Banner_UrbanTrail_WEB.jpg 1800w, https:\/\/trailbarcelona.com\/wp-content\/uploads\/2026\/03\/Banner_UrbanTrail_WEB-300x138.jpg 300w, https:\/\/trailbarcelona.com\/wp-content\/uploads\/2026\/03\/Banner_UrbanTrail_WEB-1024x472.jpg 1024w, https:\/\/trailbarcelona.com\/wp-content\/uploads\/2026\/03\/Banner_UrbanTrail_WEB-768x354.jpg 768w, https:\/\/trailbarcelona.com\/wp-content\/uploads\/2026\/03\/Banner_UrbanTrail_WEB-1536x707.jpg 1536w, https:\/\/trailbarcelona.com\/wp-content\/uploads\/2026\/03\/Banner_UrbanTrail_WEB-600x276.jpg 600w\" sizes=\"(max-width: 1800px) 100vw, 1800px\" \/>\t\t\t\t\t\t\t\t\t\t\t\t\t\t\t<\/div>\n\t\t\t\t<\/div>\n\t\t\t\t\t<\/div>\n\t\t<\/div>\n\t\t\t\t\t<\/div>\n\t\t<\/section>\n\t\t\t\t<section class=\"elementor-section elementor-top-section elementor-element elementor-element-7c72bd3 elementor-section-boxed elementor-section-height-default elementor-section-height-default\" data-id=\"7c72bd3\" data-element_type=\"section\" data-e-type=\"section\" data-settings=\"{&quot;background_background&quot;:&quot;gradient&quot;,&quot;shape_divider_top&quot;:&quot;mountains&quot;}\">\n\t\t\t\t\t<div class=\"elementor-shape elementor-shape-top\" aria-hidden=\"true\" data-negative=\"false\">\n\t\t\t<svg xmlns=\"http:\/\/www.w3.org\/2000\/svg\" viewBox=\"0 0 1000 100\" preserveAspectRatio=\"none\">\n\t<path class=\"elementor-shape-fill\" opacity=\"0.33\" d=\"M473,67.3c-203.9,88.3-263.1-34-320.3,0C66,119.1,0,59.7,0,59.7V0h1000v59.7 c0,0-62.1,26.1-94.9,29.3c-32.8,3.3-62.8-12.3-75.8-22.1C806,49.6,745.3,8.7,694.9,4.7S492.4,59,473,67.3z\"\/>\n\t<path class=\"elementor-shape-fill\" opacity=\"0.66\" d=\"M734,67.3c-45.5,0-77.2-23.2-129.1-39.1c-28.6-8.7-150.3-10.1-254,39.1 s-91.7-34.4-149.2,0C115.7,118.3,0,39.8,0,39.8V0h1000v36.5c0,0-28.2-18.5-92.1-18.5C810.2,18.1,775.7,67.3,734,67.3z\"\/>\n\t<path class=\"elementor-shape-fill\" d=\"M766.1,28.9c-200-57.5-266,65.5-395.1,19.5C242,1.8,242,5.4,184.8,20.6C128,35.8,132.3,44.9,89.9,52.5C28.6,63.7,0,0,0,0 h1000c0,0-9.9,40.9-83.6,48.1S829.6,47,766.1,28.9z\"\/>\n<\/svg>\t\t<\/div>\n\t\t\t\t\t<div class=\"elementor-container elementor-column-gap-default\">\n\t\t\t\t\t<div class=\"elementor-column elementor-col-100 elementor-top-column elementor-element elementor-element-58cac60\" data-id=\"58cac60\" data-element_type=\"column\" data-e-type=\"column\">\n\t\t\t<div class=\"elementor-widget-wrap elementor-element-populated\">\n\t\t\t\t\t\t<div class=\"elementor-element elementor-element-6630f34 elementor-widget elementor-widget-text-editor\" data-id=\"6630f34\" data-element_type=\"widget\" data-e-type=\"widget\" data-widget_type=\"text-editor.default\">\n\t\t\t\t<div class=\"elementor-widget-container\">\n\t\t\t\t\t\t\t\t\t<h2 style=\"text-align: center;\"><strong>MITJANS DE COMUNICACI\u00d3<br \/><\/strong><\/h2><h3 style=\"text-align: center;\"><strong>DISSABTE 9 de maig de 2026, <\/strong><strong>18:00 h<\/strong><\/h3><h5 style=\"text-align: center;\"><strong>Can Ginestar &#8211; Sant Just Desvern \u00a0<br \/><\/strong><\/h5>\t\t\t\t\t\t\t\t<\/div>\n\t\t\t\t<\/div>\n\t\t\t\t\t<\/div>\n\t\t<\/div>\n\t\t\t\t\t<\/div>\n\t\t<\/section>\n\t\t\t\t<section class=\"elementor-section elementor-top-section elementor-element elementor-element-5b04acc elementor-section-boxed elementor-section-height-default elementor-section-height-default\" data-id=\"5b04acc\" data-element_type=\"section\" data-e-type=\"section\">\n\t\t\t\t\t\t<div class=\"elementor-container elementor-column-gap-default\">\n\t\t\t\t\t<div class=\"elementor-column elementor-col-100 elementor-top-column elementor-element elementor-element-9c5cbe0\" data-id=\"9c5cbe0\" data-element_type=\"column\" data-e-type=\"column\">\n\t\t\t<div class=\"elementor-widget-wrap elementor-element-populated\">\n\t\t\t\t\t\t<section class=\"elementor-section elementor-inner-section elementor-element elementor-element-655af4f elementor-section-boxed elementor-section-height-default elementor-section-height-default\" data-id=\"655af4f\" data-element_type=\"section\" data-e-type=\"section\">\n\t\t\t\t\t\t<div class=\"elementor-container elementor-column-gap-default\">\n\t\t\t\t\t<div class=\"elementor-column elementor-col-50 elementor-inner-column elementor-element elementor-element-3530759\" data-id=\"3530759\" data-element_type=\"column\" data-e-type=\"column\">\n\t\t\t<div class=\"elementor-widget-wrap elementor-element-populated\">\n\t\t\t\t\t\t<div class=\"elementor-element elementor-element-5cafd94 elementor-widget elementor-widget-image\" data-id=\"5cafd94\" data-element_type=\"widget\" data-e-type=\"widget\" data-widget_type=\"image.default\">\n\t\t\t\t<div class=\"elementor-widget-container\">\n\t\t\t\t\t\t\t\t\t\t\t\t\t\t\t\t<a href=\"https:\/\/elfar.cat\/art\/57823\/la-just-urban-trail-substitueix-la-justrail-per-les-restriccions-a-collserola-a-causa-de-la-pesta-porcina\" target=\"_blank\">\n\t\t\t\t\t\t\t<img decoding=\"async\" width=\"1024\" height=\"601\" src=\"https:\/\/trailbarcelona.com\/wp-content\/uploads\/2026\/04\/Captura-de-pantalla-2026-04-01-a-las-9.12.09-1-1024x601.png\" class=\"attachment-large size-large wp-image-12157\" alt=\"JUST URBAN TRAIL - EL FAR\" srcset=\"https:\/\/trailbarcelona.com\/wp-content\/uploads\/2026\/04\/Captura-de-pantalla-2026-04-01-a-las-9.12.09-1-1024x601.png 1024w, https:\/\/trailbarcelona.com\/wp-content\/uploads\/2026\/04\/Captura-de-pantalla-2026-04-01-a-las-9.12.09-1-300x176.png 300w, https:\/\/trailbarcelona.com\/wp-content\/uploads\/2026\/04\/Captura-de-pantalla-2026-04-01-a-las-9.12.09-1-768x451.png 768w, https:\/\/trailbarcelona.com\/wp-content\/uploads\/2026\/04\/Captura-de-pantalla-2026-04-01-a-las-9.12.09-1-1536x902.png 1536w, https:\/\/trailbarcelona.com\/wp-content\/uploads\/2026\/04\/Captura-de-pantalla-2026-04-01-a-las-9.12.09-1-2048x1202.png 2048w, https:\/\/trailbarcelona.com\/wp-content\/uploads\/2026\/04\/Captura-de-pantalla-2026-04-01-a-las-9.12.09-1-600x352.png 600w\" sizes=\"(max-width: 1024px) 100vw, 1024px\" \/>\t\t\t\t\t\t\t\t<\/a>\n\t\t\t\t\t\t\t\t\t\t\t\t\t\t\t<\/div>\n\t\t\t\t<\/div>\n\t\t\t\t\t<\/div>\n\t\t<\/div>\n\t\t\t\t<div class=\"elementor-column elementor-col-50 elementor-inner-column elementor-element elementor-element-f87b608\" data-id=\"f87b608\" data-element_type=\"column\" data-e-type=\"column\">\n\t\t\t<div class=\"elementor-widget-wrap elementor-element-populated\">\n\t\t\t\t\t\t<div class=\"elementor-element elementor-element-081214d elementor-widget elementor-widget-text-editor\" data-id=\"081214d\" data-element_type=\"widget\" data-e-type=\"widget\" data-widget_type=\"text-editor.default\">\n\t\t\t\t<div class=\"elementor-widget-container\">\n\t\t\t\t\t\t\t\t\t<h4>El FAR<\/h4><p><em>31\/03\/2026<\/em><\/p><h3 class=\"new_entry \"><a href=\"https:\/\/elfar.cat\/art\/57823\/la-just-urban-trail-substitueix-la-justrail-per-les-restriccions-a-collserola-a-causa-de-la-pesta-porcina\">La nova cursa urbana se celebrar\u00e0 el 9 de maig amb recorreguts per a totes les edats<\/a><\/h3><div class=\"new_text \"><p><span class=\"hover:entity-accent entity-underline inline cursor-pointer align-baseline\"><span class=\"whitespace-normal\">Trail Barcelona<\/span><\/span> Sant Just organitza la primera edici\u00f3 de la Just Urban Trail, una nova cursa que tindr\u00e0 lloc el pr\u00f2xim 9 de maig a <span class=\"hover:entity-accent entity-underline inline cursor-pointer align-baseline\"><span class=\"whitespace-normal\">Sant Just Desvern<\/span><\/span> i que sorgeix com a resposta a les restriccions derivades de la pesta porcina africana, que limiten l\u2019acc\u00e9s a <span class=\"hover:entity-accent entity-underline inline cursor-pointer align-baseline\"><span class=\"whitespace-normal\">Collserola<\/span><\/span>. La prova comen\u00e7ar\u00e0 a les 18 h, amb sortida i arribada a <span class=\"hover:entity-accent entity-underline inline cursor-pointer align-baseline\"><span class=\"whitespace-normal\">Can Ginestar<\/span><\/span>.<\/p><\/div>\t\t\t\t\t\t\t\t<\/div>\n\t\t\t\t<\/div>\n\t\t\t\t\t<\/div>\n\t\t<\/div>\n\t\t\t\t\t<\/div>\n\t\t<\/section>\n\t\t\t\t<div class=\"elementor-element elementor-element-f07908f elementor-widget-divider--view-line elementor-widget elementor-widget-divider\" data-id=\"f07908f\" data-element_type=\"widget\" data-e-type=\"widget\" data-widget_type=\"divider.default\">\n\t\t\t\t<div class=\"elementor-widget-container\">\n\t\t\t\t\t\t\t<div class=\"elementor-divider\">\n\t\t\t<span class=\"elementor-divider-separator\">\n\t\t\t\t\t\t<\/span>\n\t\t<\/div>\n\t\t\t\t\t\t<\/div>\n\t\t\t\t<\/div>\n\t\t\t\t<div class=\"elementor-element elementor-element-cf64d1b elementor-widget-divider--view-line elementor-widget elementor-widget-divider\" data-id=\"cf64d1b\" data-element_type=\"widget\" data-e-type=\"widget\" data-widget_type=\"divider.default\">\n\t\t\t\t<div class=\"elementor-widget-container\">\n\t\t\t\t\t\t\t<div class=\"elementor-divider\">\n\t\t\t<span class=\"elementor-divider-separator\">\n\t\t\t\t\t\t<\/span>\n\t\t<\/div>\n\t\t\t\t\t\t<\/div>\n\t\t\t\t<\/div>\n\t\t\t\t<div class=\"elementor-element elementor-element-107dbf7 elementor-widget-divider--view-line elementor-widget elementor-widget-divider\" data-id=\"107dbf7\" data-element_type=\"widget\" data-e-type=\"widget\" data-widget_type=\"divider.default\">\n\t\t\t\t<div class=\"elementor-widget-container\">\n\t\t\t\t\t\t\t<div class=\"elementor-divider\">\n\t\t\t<span class=\"elementor-divider-separator\">\n\t\t\t\t\t\t<\/span>\n\t\t<\/div>\n\t\t\t\t\t\t<\/div>\n\t\t\t\t<\/div>\n\t\t\t\t<div class=\"elementor-element elementor-element-0241081 elementor-widget-divider--view-line elementor-widget elementor-widget-divider\" data-id=\"0241081\" data-element_type=\"widget\" data-e-type=\"widget\" data-widget_type=\"divider.default\">\n\t\t\t\t<div class=\"elementor-widget-container\">\n\t\t\t\t\t\t\t<div class=\"elementor-divider\">\n\t\t\t<span class=\"elementor-divider-separator\">\n\t\t\t\t\t\t<\/span>\n\t\t<\/div>\n\t\t\t\t\t\t<\/div>\n\t\t\t\t<\/div>\n\t\t\t\t<div class=\"elementor-element elementor-element-7258d0f elementor-widget-divider--view-line elementor-widget elementor-widget-divider\" data-id=\"7258d0f\" data-element_type=\"widget\" data-e-type=\"widget\" data-widget_type=\"divider.default\">\n\t\t\t\t<div class=\"elementor-widget-container\">\n\t\t\t\t\t\t\t<div class=\"elementor-divider\">\n\t\t\t<span class=\"elementor-divider-separator\">\n\t\t\t\t\t\t<\/span>\n\t\t<\/div>\n\t\t\t\t\t\t<\/div>\n\t\t\t\t<\/div>\n\t\t\t\t<div class=\"elementor-element elementor-element-0af93f0 elementor-widget-divider--view-line elementor-widget elementor-widget-divider\" data-id=\"0af93f0\" data-element_type=\"widget\" data-e-type=\"widget\" data-widget_type=\"divider.default\">\n\t\t\t\t<div class=\"elementor-widget-container\">\n\t\t\t\t\t\t\t<div class=\"elementor-divider\">\n\t\t\t<span class=\"elementor-divider-separator\">\n\t\t\t\t\t\t<\/span>\n\t\t<\/div>\n\t\t\t\t\t\t<\/div>\n\t\t\t\t<\/div>\n\t\t\t\t<div class=\"elementor-element elementor-element-c03cf5b elementor-widget-divider--view-line elementor-widget elementor-widget-divider\" data-id=\"c03cf5b\" data-element_type=\"widget\" data-e-type=\"widget\" data-widget_type=\"divider.default\">\n\t\t\t\t<div class=\"elementor-widget-container\">\n\t\t\t\t\t\t\t<div class=\"elementor-divider\">\n\t\t\t<span class=\"elementor-divider-separator\">\n\t\t\t\t\t\t<\/span>\n\t\t<\/div>\n\t\t\t\t\t\t<\/div>\n\t\t\t\t<\/div>\n\t\t\t\t\t<\/div>\n\t\t<\/div>\n\t\t\t\t\t<\/div>\n\t\t<\/section>\n\t\t\t\t<\/div>\n\t\t","protected":false},"excerpt":{"rendered":"<p>MITJANS DE COMUNICACI\u00d3 DISSABTE 9 de maig de 2026, 18:00 h Can Ginestar &#8211; Sant Just Desvern \u00a0 El FAR 31\/03\/2026 La nova cursa urbana se celebrar\u00e0 el 9 de maig amb recorreguts per a totes les edats Trail Barcelona Sant Just organitza la primera edici\u00f3 de la Just Urban Trail, una nova cursa que [&hellip;]<\/p>\n","protected":false},"author":1,"featured_media":7428,"parent":0,"menu_order":0,"comment_status":"closed","ping_status":"closed","template":"","meta":{"_acf_changed":false,"site-sidebar-layout":"no-sidebar","site-content-layout":"page-builder","ast-site-content-layout":"full-width-container","site-content-style":"unboxed","site-sidebar-style":"unboxed","ast-global-header-display":"","ast-banner-title-visibility":"","ast-main-header-display":"","ast-hfb-above-header-display":"","ast-hfb-below-header-display":"","ast-hfb-mobile-header-display":"","site-post-title":"disabled","ast-breadcrumbs-content":"","ast-featured-img":"disabled","footer-sml-layout":"","ast-disable-related-posts":"","theme-transparent-header-meta":"enabled","adv-header-id-meta":"","stick-header-meta":"","header-above-stick-meta":"","header-main-stick-meta":"","header-below-stick-meta":"","astra-migrate-meta-layouts":"set","ast-page-background-enabled":"default","ast-page-background-meta":{"desktop":{"background-color":"","background-image":"","background-repeat":"repeat","background-position":"center center","background-size":"auto","background-attachment":"scroll","background-type":"","background-media":"","overlay-type":"","overlay-color":"","overlay-opacity":"","overlay-gradient":""},"tablet":{"background-color":"","background-image":"","background-repeat":"repeat","background-position":"center center","background-size":"auto","background-attachment":"scroll","background-type":"","background-media":"","overlay-type":"","overlay-color":"","overlay-opacity":"","overlay-gradient":""},"mobile":{"background-color":"","background-image":"","background-repeat":"repeat","background-position":"center center","background-size":"auto","background-attachment":"scroll","background-type":"","background-media":"","overlay-type":"","overlay-color":"","overlay-opacity":"","overlay-gradient":""}},"ast-content-background-meta":{"desktop":{"background-color":"var(--ast-global-color-5)","background-image":"","background-repeat":"repeat","background-position":"center center","background-size":"auto","background-attachment":"scroll","background-type":"","background-media":"","overlay-type":"","overlay-color":"","overlay-opacity":"","overlay-gradient":""},"tablet":{"background-color":"var(--ast-global-color-5)","background-image":"","background-repeat":"repeat","background-position":"center center","background-size":"auto","background-attachment":"scroll","background-type":"","background-media":"","overlay-type":"","overlay-color":"","overlay-opacity":"","overlay-gradient":""},"mobile":{"background-color":"var(--ast-global-color-5)","background-image":"","background-repeat":"repeat","background-position":"center center","background-size":"auto","background-attachment":"scroll","background-type":"","background-media":"","overlay-type":"","overlay-color":"","overlay-opacity":"","overlay-gradient":""}},"footnotes":""},"class_list":["post-11910","page","type-page","status-publish","has-post-thumbnail","hentry"],"acf":[],"_links":{"self":[{"href":"https:\/\/trailbarcelona.com\/ca\/wp-json\/wp\/v2\/pages\/11910","targetHints":{"allow":["GET"]}}],"collection":[{"href":"https:\/\/trailbarcelona.com\/ca\/wp-json\/wp\/v2\/pages"}],"about":[{"href":"https:\/\/trailbarcelona.com\/ca\/wp-json\/wp\/v2\/types\/page"}],"author":[{"embeddable":true,"href":"https:\/\/trailbarcelona.com\/ca\/wp-json\/wp\/v2\/users\/1"}],"replies":[{"embeddable":true,"href":"https:\/\/trailbarcelona.com\/ca\/wp-json\/wp\/v2\/comments?post=11910"}],"version-history":[{"count":13,"href":"https:\/\/trailbarcelona.com\/ca\/wp-json\/wp\/v2\/pages\/11910\/revisions"}],"predecessor-version":[{"id":12162,"href":"https:\/\/trailbarcelona.com\/ca\/wp-json\/wp\/v2\/pages\/11910\/revisions\/12162"}],"wp:featuredmedia":[{"embeddable":true,"href":"https:\/\/trailbarcelona.com\/ca\/wp-json\/wp\/v2\/media\/7428"}],"wp:attachment":[{"href":"https:\/\/trailbarcelona.com\/ca\/wp-json\/wp\/v2\/media?parent=11910"}],"curies":[{"name":"wp","href":"https:\/\/api.w.org\/{rel}","templated":true}]}}